{"id":991,"date":"2023-08-19T09:26:01","date_gmt":"2023-08-19T09:26:01","guid":{"rendered":"https:\/\/www.worldsupport.jp\/dev\/wp_sandbox1\/?page_id=991"},"modified":"2024-03-18T15:20:31","modified_gmt":"2024-03-18T15:20:31","slug":"lingua-italiana","status":"publish","type":"page","link":"https:\/\/green-liberty.org\/ctp\/lingua-italiana\/","title":{"rendered":"lingua italiana"},"content":{"rendered":"<div class=\"gb-container gb-container-84dbe6f3 alignfull\">\n\n<h2 class=\"gb-headline gb-headline-3a49f21d gb-headline-text\"><strong><strong>lingua italiana<\/strong><\/strong><\/h2>\n\n<\/div>\n\n<div class=\"gb-container gb-container-baee883e\">\n\n<h2 class=\"gb-headline gb-headline-b833639a gb-headline-text\"><strong>Non temer\u00f2 alcun Male<\/strong><\/h2>\n\n\n<div class=\"gb-grid-wrapper gb-grid-wrapper-fc1125cc\">\n<div class=\"gb-grid-column gb-grid-column-d8e03f1a\"><div class=\"gb-container gb-container-d8e03f1a\">\n\n<figure class=\"wp-block-gallery has-nested-images columns-default is-cropped wp-block-gallery-1 is-layout-flex wp-block-gallery-is-layout-flex\">\n<figure class=\"wp-block-image alignwide size-full\"><img loading=\"lazy\" decoding=\"async\" width=\"428\" height=\"613\" data-id=\"993\" src=\"https:\/\/green-liberty.org\/ctp\/wp-content\/uploads\/2023\/08\/book_fear-no-evil_italian.jpg\" alt=\"\" class=\"wp-image-993\" srcset=\"https:\/\/green-liberty.org\/ctp\/wp-content\/uploads\/2023\/08\/book_fear-no-evil_italian.jpg 428w, https:\/\/green-liberty.org\/ctp\/wp-content\/uploads\/2023\/08\/book_fear-no-evil_italian-209x300.jpg 209w\" sizes=\"auto, (max-width: 428px) 100vw, 428px\" \/><\/figure>\n<\/figure>\n\n<\/div><\/div>\n\n<div class=\"gb-grid-column gb-grid-column-66e9d11a\"><div class=\"gb-container gb-container-66e9d11a\">\n\n<p><br>In questo momento di crisi, il crollo globale della governance, la fine dello stato di diritto e l\u2019ascesa di una governance invisibile e irresponsabile da parte di multinazionali e banche, mi viene in mente soprattutto l\u2019Italia.<\/p>\n\n\n\n<p>Non solo perch\u00e9 anche l\u2019Italia \u00e8 stata oggetto di spietati attacchi da parte di questi nuovi tiranni. A quella tragedia ho assistito sui media e il mio cuore \u00e8 con i cittadini italiani, e soprattutto con i bambini italiani.<\/p>\n\n\n\n<p>L\u2019Italia ha un\u2019enorme eredit\u00e0 nello stabilire nuove forme di governance internazionale che si fondano sulla cultura, sulla civilt\u00e0 e che offrono una vera alternativa alla regola base della forza bruta, della crudelt\u00e0 e dell\u2019ignoranza. Quella forma oscura e orribile di governo \u00e8 tornata, aiutata questa volta da nuove tecnologie che consentono ai super ricchi di coordinare i loro attacchi, mentre i cittadini sono frammentati e confusi.<\/p>\n\n\n\n<p>Ma fu in Italia che i romani stabilirono per la prima volta un sistema pratico ed efficace di diritto internazionale e di governo equo e tollerante che si basava sul meglio della tradizione greca, ma che andava oltre nel rendere accessibile il meglio della tradizione occidentale a tutti i cittadini. I romani furono i primi nella storia a proporre una visione di cittadinanza globale e tolleranza per le credenze locali. Abbiamo bisogno di quella scala di visione oggi.<\/p>\n\n\n\n<p>Allo stesso modo, fu in Italia che inizi\u00f2 la riscoperta di Aristotele durante il Rinascimento, e dell\u2019antica tradizione, e dove si fece il primo sforzo ispirato per fare dell\u2019arte, dell\u2019architettura, della letteratura e della musica un mezzo non solo per il godimento personale, ma per portare la civilt\u00e0 a uno standard pi\u00f9 elevato, per ispirare i cittadini a lottare per ottenere di pi\u00f9, per indagare sul mondo che ci circonda.<\/p>\n\n<\/div><\/div>\n<\/div>\n<\/div>\n\n<div class=\"gb-container gb-container-20e00f90\">\n\n<div class=\"wp-block-group\"><div class=\"wp-block-group__inner-container is-layout-constrained wp-block-group-is-layout-constrained\">\n<div class=\"wp-block-columns is-layout-flex wp-container-core-columns-is-layout-9d6595d7 wp-block-columns-is-layout-flex\">\n<div class=\"wp-block-column is-layout-flow wp-block-column-is-layout-flow\" style=\"flex-basis:100%\">\n<div class=\"wp-block-columns is-layout-flex wp-container-core-columns-is-layout-9d6595d7 wp-block-columns-is-layout-flex\">\n<div class=\"wp-block-column is-layout-flow wp-block-column-is-layout-flow\" style=\"flex-basis:100%\"><div class=\"gb-grid-wrapper gb-grid-wrapper-921fed35\">\n<div class=\"gb-grid-column gb-grid-column-5c84b851\"><div class=\"gb-container gb-container-5c84b851\">\n\n<p class=\"has-text-align-left\">Adesso, ancora una volta, siamo attaccati da chi usa la pubblicit\u00e0 commerciale per distruggere la cultura, da chi vuole ammutolire i cittadini e renderci consumatori passivi.<\/p>\n\n\n\n<p class=\"has-text-align-left\">Abbiamo bisogno di un\u2019alternativa a questa brutale forma di governance globale da parte dei globalisti. L\u2019Italia conserva ancora qualcosa di umano, di grande tradizione intellettuale e artistica di integrit\u00e0. Speriamo che gli italiani si uniscano a noi. Inoltre, speriamo che gli italiani possano indicarci la strada da percorrere.<\/p>\n\n\n\n<p class=\"has-text-align-left\">Ho annunciato la mia intenzione di candidarmi alla presidenza a febbraio (2020). Ho tenuto discorsi, incontrato altri americani, specialmente quelli che stanno subendo le conseguenze del profondo marciume morale nel nostro Paese. Con il loro contributo, con il loro aiuto, ho iniziato a tracciare una direzione positiva per gli Stati Uniti, un futuro in cui ci allontaniamo dalla pericolosa cultura del consumo, dell\u2019estrazione e della guerra senza fine che ha infettato la nazione come un virus orribile e che \u00e8 stato amplificato da pericolosi parassiti.<\/p>\n\n\n\n<p class=\"has-text-align-left\">In effetti, pochi tra i laureati a Yale e ad Harvard con cui una volta mi associavo, le persone che erano miei coetanei quando ho iniziato la mia carriera, sono disposti a chiedere anche se quegli altri \u201ccandidati\u201d siano qualificati per essere presidente, o se questa elezione, o l\u2019ultima, vista l\u2019estesa manipolazione del voto e la divulgazione fuorviante delle questioni, meritino di essere chiamate elezioni. Hanno semplicemente respinto il mio sforzo.<\/p>\n\n\n\n<p class=\"has-text-align-left\">Ma i lavoratori che incontro, con cui lavoro, capiscono di cosa sto parlando. Sanno che sono disoccupato da gennaio, che sono stato costretto a lasciare la mia casa e che mia moglie si \u00e8 gravemente ammalata a causa dei traumi derivanti dal tentativo di tenere unita la nostra famiglia. So di cosa sto parlando perch\u00e9 l\u2019ho sperimentato sulla mia pelle.<\/p>\n\n\n\n<p class=\"has-text-align-left\">Se non abbiamo un\u2019elezione in cui uno come me pu\u00f2 essere candidato, pu\u00f2 avere la possibilit\u00e0 di essere coperto dai media, allora non stiamo tenendo elezioni, ma piuttosto stiamo mettendo su una finzione impressionante.<\/p>\n\n\n\n<p class=\"has-text-align-left\">\u2014\u2014\u2014\u2014\u2014\u2014\u2014\u2014\u2014\u2014-<\/p>\n\n\n\n<p class=\"has-text-align-left\">Introduzione a Emanuel Pastreich<\/p>\n\n\n\n<p class=\"has-text-align-left\">Emanuel Pastreich \u00e8 emerso negli ultimi due decenni come la voce principale per una politica americana razionale in materia di diplomazia e sicurezza con un focus laser sul crollo del clima e della biodiversit\u00e0, l\u2019impatto catastrofico delle nuove tecnologie sulla societ\u00e0 umana, la concentrazione esponenziale della ricchezza e la corsa globale agli armamenti.<\/p>\n\n\n\n<p class=\"has-text-align-left\">Egli chiede che i trilioni dati alle societ\u00e0 nel corso dell\u2019ultimo anno vengano restituiti, che conglomerati come Amazon e Facebook siano gestiti come cooperative regolamentate e che i beni delle societ\u00e0 di combustibili fossili vengano immediatamente sequestrati e che i loro proprietari e amministratori siano accusati dell\u2019azione criminale di presentare informazioni fraudolente al governo e alla gente sul cambiamento climatico.<\/p>\n\n\n\n<p class=\"has-text-align-left\">Esperto di Asia che parla correntemente coreano, giapponese e cinese, Pastreich ha iniziato la sua carriera come professore presso l\u2019Universit\u00e0 dell\u2019Illinois, Urbana-Champaign nel 1998. Attualmente \u00e8 presidente dell\u2019Asia Institute, un gruppo di esperti incentrato su diplomazia, sicurezza e tecnologia situato a Washington DC, Seoul, Tokyo e Hanoi.<\/p>\n\n<\/div><\/div>\n<\/div><\/div>\n<\/div>\n<\/div>\n<\/div>\n<\/div><\/div>\n\n<\/div>\n\n<div class=\"gb-container gb-container-0342e94c\">\n<div class=\"gb-grid-wrapper gb-grid-wrapper-16a74dcc download-btn\">\n<div class=\"gb-grid-column gb-grid-column-1a2b224e\"><div class=\"gb-container gb-container-1a2b224e\">\n<div class=\"gb-container gb-container-e8d2a878\">\n\n<div class=\"wp-block-buttons is-content-justification-right is-layout-flex wp-container-core-buttons-is-layout-c688d3c3 wp-block-buttons-is-layout-flex\">\n<div class=\"wp-block-button white_btn is-style-fill\"><a class=\"wp-block-button__link has-contrast-2-background-color has-background wp-element-button\" style=\"border-radius:0px\">Book coming soon (libro in arrivo)<\/a><\/div>\n<\/div>\n\n<\/div>\n<\/div><\/div>\n<\/div>\n<\/div>","protected":false},"excerpt":{"rendered":"<p>lingua italiana Non temer\u00f2 alcun Male<\/p>\n","protected":false},"author":1,"featured_media":0,"parent":0,"menu_order":0,"comment_status":"closed","ping_status":"closed","template":"","meta":{"footnotes":""},"class_list":["post-991","page","type-page","status-publish"],"yoast_head":"<!-- This site is optimized with the Yoast SEO Premium plugin v20.8 (Yoast SEO v27.5) - https:\/\/yoast.com\/product\/yoast-seo-premium-wordpress\/ -->\n<title>lingua italiana - The Center for Truth Politics<\/title>\n<meta name=\"description\" content=\"lingua italiana\" \/>\n<meta name=\"robots\" content=\"index, follow, max-snippet:-1, max-image-preview:large, max-video-preview:-1\" \/>\n<link rel=\"canonical\" href=\"https:\/\/green-liberty.org\/ctp\/lingua-italiana\/\" \/>\n<meta property=\"og:locale\" content=\"en_US\" \/>\n<meta property=\"og:type\" content=\"article\" \/>\n<meta property=\"og:title\" content=\"lingua italiana\" \/>\n<meta property=\"og:description\" content=\"lingua italiana\" \/>\n<meta property=\"og:url\" content=\"https:\/\/green-liberty.org\/ctp\/lingua-italiana\/\" \/>\n<meta property=\"og:site_name\" content=\"The Center for Truth Politics\" \/>\n<meta property=\"article:modified_time\" content=\"2024-03-18T15:20:31+00:00\" \/>\n<meta property=\"og:image\" content=\"https:\/\/emanuelpastreich24.org\/wp-content\/uploads\/2023\/08\/book_fear-no-evil_italian.jpg\" \/>\n<meta name=\"twitter:card\" content=\"summary_large_image\" \/>\n<meta name=\"twitter:label1\" content=\"Est. reading time\" \/>\n\t<meta name=\"twitter:data1\" content=\"4 minutes\" \/>\n<script type=\"application\/ld+json\" class=\"yoast-schema-graph\">{\"@context\":\"https:\\\/\\\/schema.org\",\"@graph\":[{\"@type\":\"Article\",\"@id\":\"https:\\\/\\\/green-liberty.org\\\/ctp\\\/lingua-italiana\\\/#article\",\"isPartOf\":{\"@id\":\"https:\\\/\\\/green-liberty.org\\\/ctp\\\/lingua-italiana\\\/\"},\"author\":{\"name\":\"Emanuel\",\"@id\":\"https:\\\/\\\/green-liberty.org\\\/ctp\\\/#\\\/schema\\\/person\\\/a112bbbf05b30d34be7e1dc7797b9d16\"},\"headline\":\"lingua italiana\",\"datePublished\":\"2023-08-19T09:26:01+00:00\",\"dateModified\":\"2024-03-18T15:20:31+00:00\",\"mainEntityOfPage\":{\"@id\":\"https:\\\/\\\/green-liberty.org\\\/ctp\\\/lingua-italiana\\\/\"},\"wordCount\":805,\"publisher\":{\"@id\":\"https:\\\/\\\/green-liberty.org\\\/ctp\\\/#\\\/schema\\\/person\\\/a112bbbf05b30d34be7e1dc7797b9d16\"},\"image\":{\"@id\":\"https:\\\/\\\/green-liberty.org\\\/ctp\\\/lingua-italiana\\\/#primaryimage\"},\"thumbnailUrl\":\"https:\\\/\\\/green-liberty.org\\\/ctp\\\/wp-content\\\/uploads\\\/2023\\\/08\\\/book_fear-no-evil_italian.jpg\",\"inLanguage\":\"en-US\"},{\"@type\":\"WebPage\",\"@id\":\"https:\\\/\\\/green-liberty.org\\\/ctp\\\/lingua-italiana\\\/\",\"url\":\"https:\\\/\\\/green-liberty.org\\\/ctp\\\/lingua-italiana\\\/\",\"name\":\"lingua italiana - The Center for Truth Politics\",\"isPartOf\":{\"@id\":\"https:\\\/\\\/green-liberty.org\\\/ctp\\\/#website\"},\"primaryImageOfPage\":{\"@id\":\"https:\\\/\\\/green-liberty.org\\\/ctp\\\/lingua-italiana\\\/#primaryimage\"},\"image\":{\"@id\":\"https:\\\/\\\/green-liberty.org\\\/ctp\\\/lingua-italiana\\\/#primaryimage\"},\"thumbnailUrl\":\"https:\\\/\\\/green-liberty.org\\\/ctp\\\/wp-content\\\/uploads\\\/2023\\\/08\\\/book_fear-no-evil_italian.jpg\",\"datePublished\":\"2023-08-19T09:26:01+00:00\",\"dateModified\":\"2024-03-18T15:20:31+00:00\",\"description\":\"lingua italiana\",\"breadcrumb\":{\"@id\":\"https:\\\/\\\/green-liberty.org\\\/ctp\\\/lingua-italiana\\\/#breadcrumb\"},\"inLanguage\":\"en-US\",\"potentialAction\":[{\"@type\":\"ReadAction\",\"target\":[\"https:\\\/\\\/green-liberty.org\\\/ctp\\\/lingua-italiana\\\/\"]}]},{\"@type\":\"ImageObject\",\"inLanguage\":\"en-US\",\"@id\":\"https:\\\/\\\/green-liberty.org\\\/ctp\\\/lingua-italiana\\\/#primaryimage\",\"url\":\"https:\\\/\\\/green-liberty.org\\\/ctp\\\/wp-content\\\/uploads\\\/2023\\\/08\\\/book_fear-no-evil_italian.jpg\",\"contentUrl\":\"https:\\\/\\\/green-liberty.org\\\/ctp\\\/wp-content\\\/uploads\\\/2023\\\/08\\\/book_fear-no-evil_italian.jpg\",\"width\":428,\"height\":613},{\"@type\":\"BreadcrumbList\",\"@id\":\"https:\\\/\\\/green-liberty.org\\\/ctp\\\/lingua-italiana\\\/#breadcrumb\",\"itemListElement\":[{\"@type\":\"ListItem\",\"position\":1,\"name\":\"Home\",\"item\":\"https:\\\/\\\/green-liberty.org\\\/ctp\\\/\"},{\"@type\":\"ListItem\",\"position\":2,\"name\":\"lingua italiana\"}]},{\"@type\":\"WebSite\",\"@id\":\"https:\\\/\\\/green-liberty.org\\\/ctp\\\/#website\",\"url\":\"https:\\\/\\\/green-liberty.org\\\/ctp\\\/\",\"name\":\"The Center for Truth Politics\",\"description\":\"The Center for Truth Politics in the United States, led by Emanuel Pastreich\",\"publisher\":{\"@id\":\"https:\\\/\\\/green-liberty.org\\\/ctp\\\/#\\\/schema\\\/person\\\/a112bbbf05b30d34be7e1dc7797b9d16\"},\"alternateName\":\"The Center for Truth Politics, let by Emanuel Pastreich\",\"potentialAction\":[{\"@type\":\"SearchAction\",\"target\":{\"@type\":\"EntryPoint\",\"urlTemplate\":\"https:\\\/\\\/green-liberty.org\\\/ctp\\\/?s={search_term_string}\"},\"query-input\":{\"@type\":\"PropertyValueSpecification\",\"valueRequired\":true,\"valueName\":\"search_term_string\"}}],\"inLanguage\":\"en-US\"},{\"@type\":[\"Person\",\"Organization\"],\"@id\":\"https:\\\/\\\/green-liberty.org\\\/ctp\\\/#\\\/schema\\\/person\\\/a112bbbf05b30d34be7e1dc7797b9d16\",\"name\":\"Emanuel\",\"image\":{\"@type\":\"ImageObject\",\"inLanguage\":\"en-US\",\"@id\":\"https:\\\/\\\/secure.gravatar.com\\\/avatar\\\/?s=96&d=mm&r=g\",\"url\":\"https:\\\/\\\/secure.gravatar.com\\\/avatar\\\/?s=96&d=mm&r=g\",\"contentUrl\":\"https:\\\/\\\/secure.gravatar.com\\\/avatar\\\/?s=96&d=mm&r=g\",\"caption\":\"Emanuel\"},\"logo\":{\"@id\":\"https:\\\/\\\/secure.gravatar.com\\\/avatar\\\/?s=96&d=mm&r=g\"},\"url\":\"https:\\\/\\\/green-liberty.org\\\/ctp\\\/author\\\/admin_ctp\\\/\"}]}<\/script>\n<!-- \/ Yoast SEO Premium plugin. -->","yoast_head_json":{"title":"lingua italiana - The Center for Truth Politics","description":"lingua italiana","robots":{"index":"index","follow":"follow","max-snippet":"max-snippet:-1","max-image-preview":"max-image-preview:large","max-video-preview":"max-video-preview:-1"},"canonical":"https:\/\/green-liberty.org\/ctp\/lingua-italiana\/","og_locale":"en_US","og_type":"article","og_title":"lingua italiana","og_description":"lingua italiana","og_url":"https:\/\/green-liberty.org\/ctp\/lingua-italiana\/","og_site_name":"The Center for Truth Politics","article_modified_time":"2024-03-18T15:20:31+00:00","og_image":[{"url":"https:\/\/emanuelpastreich24.org\/wp-content\/uploads\/2023\/08\/book_fear-no-evil_italian.jpg","type":"","width":"","height":""}],"twitter_card":"summary_large_image","twitter_misc":{"Est. reading time":"4 minutes"},"schema":{"@context":"https:\/\/schema.org","@graph":[{"@type":"Article","@id":"https:\/\/green-liberty.org\/ctp\/lingua-italiana\/#article","isPartOf":{"@id":"https:\/\/green-liberty.org\/ctp\/lingua-italiana\/"},"author":{"name":"Emanuel","@id":"https:\/\/green-liberty.org\/ctp\/#\/schema\/person\/a112bbbf05b30d34be7e1dc7797b9d16"},"headline":"lingua italiana","datePublished":"2023-08-19T09:26:01+00:00","dateModified":"2024-03-18T15:20:31+00:00","mainEntityOfPage":{"@id":"https:\/\/green-liberty.org\/ctp\/lingua-italiana\/"},"wordCount":805,"publisher":{"@id":"https:\/\/green-liberty.org\/ctp\/#\/schema\/person\/a112bbbf05b30d34be7e1dc7797b9d16"},"image":{"@id":"https:\/\/green-liberty.org\/ctp\/lingua-italiana\/#primaryimage"},"thumbnailUrl":"https:\/\/green-liberty.org\/ctp\/wp-content\/uploads\/2023\/08\/book_fear-no-evil_italian.jpg","inLanguage":"en-US"},{"@type":"WebPage","@id":"https:\/\/green-liberty.org\/ctp\/lingua-italiana\/","url":"https:\/\/green-liberty.org\/ctp\/lingua-italiana\/","name":"lingua italiana - The Center for Truth Politics","isPartOf":{"@id":"https:\/\/green-liberty.org\/ctp\/#website"},"primaryImageOfPage":{"@id":"https:\/\/green-liberty.org\/ctp\/lingua-italiana\/#primaryimage"},"image":{"@id":"https:\/\/green-liberty.org\/ctp\/lingua-italiana\/#primaryimage"},"thumbnailUrl":"https:\/\/green-liberty.org\/ctp\/wp-content\/uploads\/2023\/08\/book_fear-no-evil_italian.jpg","datePublished":"2023-08-19T09:26:01+00:00","dateModified":"2024-03-18T15:20:31+00:00","description":"lingua italiana","breadcrumb":{"@id":"https:\/\/green-liberty.org\/ctp\/lingua-italiana\/#breadcrumb"},"inLanguage":"en-US","potentialAction":[{"@type":"ReadAction","target":["https:\/\/green-liberty.org\/ctp\/lingua-italiana\/"]}]},{"@type":"ImageObject","inLanguage":"en-US","@id":"https:\/\/green-liberty.org\/ctp\/lingua-italiana\/#primaryimage","url":"https:\/\/green-liberty.org\/ctp\/wp-content\/uploads\/2023\/08\/book_fear-no-evil_italian.jpg","contentUrl":"https:\/\/green-liberty.org\/ctp\/wp-content\/uploads\/2023\/08\/book_fear-no-evil_italian.jpg","width":428,"height":613},{"@type":"BreadcrumbList","@id":"https:\/\/green-liberty.org\/ctp\/lingua-italiana\/#breadcrumb","itemListElement":[{"@type":"ListItem","position":1,"name":"Home","item":"https:\/\/green-liberty.org\/ctp\/"},{"@type":"ListItem","position":2,"name":"lingua italiana"}]},{"@type":"WebSite","@id":"https:\/\/green-liberty.org\/ctp\/#website","url":"https:\/\/green-liberty.org\/ctp\/","name":"The Center for Truth Politics","description":"The Center for Truth Politics in the United States, led by Emanuel Pastreich","publisher":{"@id":"https:\/\/green-liberty.org\/ctp\/#\/schema\/person\/a112bbbf05b30d34be7e1dc7797b9d16"},"alternateName":"The Center for Truth Politics, let by Emanuel Pastreich","potentialAction":[{"@type":"SearchAction","target":{"@type":"EntryPoint","urlTemplate":"https:\/\/green-liberty.org\/ctp\/?s={search_term_string}"},"query-input":{"@type":"PropertyValueSpecification","valueRequired":true,"valueName":"search_term_string"}}],"inLanguage":"en-US"},{"@type":["Person","Organization"],"@id":"https:\/\/green-liberty.org\/ctp\/#\/schema\/person\/a112bbbf05b30d34be7e1dc7797b9d16","name":"Emanuel","image":{"@type":"ImageObject","inLanguage":"en-US","@id":"https:\/\/secure.gravatar.com\/avatar\/?s=96&d=mm&r=g","url":"https:\/\/secure.gravatar.com\/avatar\/?s=96&d=mm&r=g","contentUrl":"https:\/\/secure.gravatar.com\/avatar\/?s=96&d=mm&r=g","caption":"Emanuel"},"logo":{"@id":"https:\/\/secure.gravatar.com\/avatar\/?s=96&d=mm&r=g"},"url":"https:\/\/green-liberty.org\/ctp\/author\/admin_ctp\/"}]}},"_links":{"self":[{"href":"https:\/\/green-liberty.org\/ctp\/wp-json\/wp\/v2\/pages\/991","targetHints":{"allow":["GET"]}}],"collection":[{"href":"https:\/\/green-liberty.org\/ctp\/wp-json\/wp\/v2\/pages"}],"about":[{"href":"https:\/\/green-liberty.org\/ctp\/wp-json\/wp\/v2\/types\/page"}],"author":[{"embeddable":true,"href":"https:\/\/green-liberty.org\/ctp\/wp-json\/wp\/v2\/users\/1"}],"replies":[{"embeddable":true,"href":"https:\/\/green-liberty.org\/ctp\/wp-json\/wp\/v2\/comments?post=991"}],"version-history":[{"count":4,"href":"https:\/\/green-liberty.org\/ctp\/wp-json\/wp\/v2\/pages\/991\/revisions"}],"predecessor-version":[{"id":5803,"href":"https:\/\/green-liberty.org\/ctp\/wp-json\/wp\/v2\/pages\/991\/revisions\/5803"}],"wp:attachment":[{"href":"https:\/\/green-liberty.org\/ctp\/wp-json\/wp\/v2\/media?parent=991"}],"curies":[{"name":"wp","href":"https:\/\/api.w.org\/{rel}","templated":true}]}}